{"id":15546,"date":"2026-03-18T09:47:06","date_gmt":"2026-03-18T09:47:06","guid":{"rendered":"https:\/\/www.lampe2x2challenge.com\/?page_id=15546"},"modified":"2026-03-18T10:33:54","modified_gmt":"2026-03-18T10:33:54","slug":"privacy-policy-child-protection","status":"publish","type":"page","link":"https:\/\/www.lampe2x2challenge.com\/pl\/privacy-policy-child-protection\/","title":{"rendered":"Polityka Prywatno\u015bci i Standardy Ochrony Ma\u0142oletnich"},"content":{"rendered":"<div data-elementor-type=\"wp-page\" data-elementor-id=\"15546\" class=\"elementor elementor-15546\" data-elementor-post-type=\"page\">\n\t\t\t\t<div class=\"elementor-element elementor-element-75a0582 e-flex e-con-boxed e-con e-parent\" data-id=\"75a0582\" data-element_type=\"container\">\n\t\t\t\t\t<div class=\"e-con-inner\">\n\t\t\t\t<div class=\"elementor-element elementor-element-2094dc9 elementor-widget elementor-widget-text-editor\" data-id=\"2094dc9\" data-element_type=\"widget\" data-widget_type=\"text-editor.default\">\n\t\t\t\t<div class=\"elementor-widget-container\">\n\t\t\t\t\t\t\t\t\t<h2 class=\"text-text-100 mt-3 -mb-1 text-[1.125rem] font-bold\">\u00a0<\/h2><h2 class=\"text-text-100 mt-3 -mb-1 text-[1.125rem] font-bold\">Ochrona Danych Osobowych - Klauzula Informacyjna<\/h2><p class=\"font-claude-response-body break-words whitespace-normal leading-[1.7]\">Zgodnie z art. 13 Rozporz\u0105dzenia Parlamentu Europejskiego i Rady (UE) 2016\/679 z dnia 27 kwietnia 2016 roku w sprawie ochrony os\u00f3b fizycznych w zwi\u0105zku z przetwarzaniem danych osobowych i w sprawie swobodnego przep\u0142ywu takich danych oraz uchylenia dyrektywy 95\/46\/WE (og\u00f3lne rozporz\u0105dzenie o ochronie danych), zwane dalej RODO, Administrator informuje, i\u017c:<\/p><p class=\"font-claude-response-body break-words whitespace-normal leading-[1.7]\">1. Administratorem Pani\/Pana danych osobowych jest Fundacja Lampe, z siedzib\u0105 przy ul. D\u0142uga 10\/31, 99-210 Uniej\u00f3w.<\/p><p class=\"font-claude-response-body break-words whitespace-normal leading-[1.7]\">2. Je\u015bli ma Pani\/Pan pytania dotycz\u0105ce sposobu i zakresu przetwarzania Pani\/Pana danych osobowych w zakresie dzia\u0142ania Sp\u00f3\u0142ki, a tak\u017ce przys\u0142uguj\u0105cych Pani\/Panu uprawnie\u0144, mo\u017ce si\u0119 Pani\/Pan skontaktowa\u0107 si\u0119 z naszym Inspektorem Ochrony Danych - za pomoc\u0105 adresu e-mail: <a class=\"underline underline underline-offset-2 decoration-1 decoration-current\/40 hover:decoration-current focus:decoration-current\" href=\"mailto:hello@lampe.com\">hello@lampe30.com<\/a> and phone number: +48 537 437 118.<\/p><p class=\"font-claude-response-body break-words whitespace-normal leading-[1.7]\">3. Administrator b\u0119dzie przetwarza\u0107 Pani\/Pana dane osobowe w celu realizacji us\u0142ug oferowanych przez Fundacja Lampe, na podstawie Art. 6 ust. 1 lit. c oraz f RODO. Ponadto Pani\/Pana dane osobowe mog\u0105 by\u0107 przetwarzane na podstawie Pani\/Pana zgody.<\/p><p class=\"font-claude-response-body break-words whitespace-normal leading-[1.7]\">4. Zgodnie z RODO, przys\u0142uguje Pani\/Panu prawo \u017c\u0105dania dost\u0119pu do swoich danych osobowych oraz otrzymania ich kopii, prawo \u017c\u0105dania ich sprostowania (poprawiania), usuni\u0119cia lub ograniczenia przetwarzania swoich danych osobowych, a tak\u017ce prawo do przenoszenia swoich danych osobowych. W ka\u017cdej chwili przys\u0142uguje Pani\/Panu prawo do wniesienia sprzeciwu wobec przetwarzania danych, przetwarzanych na podstawie art. 6 ust. 1 lit. f RODO, wskazanych powy\u017cej w pkt 3.\nPowy\u017csze \u017c\u0105dania mo\u017cna przes\u0142a\u0107 na adresy wskazane w pkt I. Ponadto, zgodnie z RODO przys\u0142uguje Pani\/Panu prawo do wniesienia skargi do Prezesa Urz\u0119du Ochrony Danych Osobowych.<\/p><p class=\"font-claude-response-body break-words whitespace-normal leading-[1.7]\">5. Pani\/Pana dane osobowe przetwarzane b\u0119d\u0105 przez okres niezb\u0119dny do realizacji cel\u00f3w okre\u015blonych w pkt. 3, a w przypadku przetwarzania danych na podstawie zgody \u2013 do momentu wycofania przedmiotowej zgody.<\/p><p class=\"font-claude-response-body break-words whitespace-normal leading-[1.7]\">6. Pani\/Pana dane osobowe mog\u0105 zosta\u0107 przekazane uprawnionym instytucjom okre\u015blonym przez przepisy prawa oraz podmiotom przetwarzaj\u0105cym, kt\u00f3re \u015bwiadcz\u0105 us\u0142ugi na rzecz Administratora danych i kt\u00f3rym te dane s\u0105 powierzane.<\/p><p class=\"font-claude-response-body break-words whitespace-normal leading-[1.7]\">7. Podanie przez Pani\u0105\/Pana danych osobowych jest dobrowolne, jednak\u017ce niezb\u0119dne do realizacji cel\u00f3w okre\u015blonych w pkt. 3.<\/p><p class=\"font-claude-response-body break-words whitespace-normal leading-[1.7]\">8. Informujemy, \u017ce nie podejmujemy decyzji w spos\u00f3b zautomatyzowany, w tym w formie profilowania.<\/p><p class=\"font-claude-response-body break-words whitespace-normal leading-[1.7]\">9. W ka\u017cdej chwili przys\u0142uguje Pani\/Panu prawo do wycofania zgody na przetwarzanie danych osobowych. Cofni\u0119cie zgody nie wp\u0142ywa na zgodno\u015b\u0107 z prawem przetwarzania, kt\u00f3rego dokonano na podstawie Pani\/Pana zgody przed jej wycofaniem. O\u015bwiadczenie o wycofaniu zgody na przetwarzanie danych osobowych mo\u017cna przes\u0142a\u0107 na adres wskazany w pkt 1.<\/p><hr class=\"border-border-200 border-t-0.5 my-3 mx-1.5\" \/><h2 class=\"text-text-100 mt-3 -mb-1 text-[1.125rem] font-bold\">Pliki Cookie<\/h2><p class=\"font-claude-response-body break-words whitespace-normal leading-[1.7]\">Niniejsza strona internetowa wykorzystuje pliki cookie w celu zapewnienia prawid\u0142owego dzia\u0142ania serwisu, analizy ruchu oraz dostosowania tre\u015bci do preferencji u\u017cytkownik\u00f3w. Korzystaj\u0105c ze strony, wyra\u017casz zgod\u0119 na u\u017cywanie plik\u00f3w cookie zgodnie z ustawieniami swojej przegl\u0105darki. Mo\u017cesz w ka\u017cdej chwili zmieni\u0107 ustawienia dotycz\u0105ce plik\u00f3w cookie w swojej przegl\u0105darce internetowej.<\/p><hr class=\"border-border-200 border-t-0.5 my-3 mx-1.5\" \/><h2 class=\"text-text-100 mt-3 -mb-1 text-[1.125rem] font-bold\">Standardy Ochrony Ma\u0142oletnich<\/h2><p class=\"font-claude-response-body break-words whitespace-normal leading-[1.7]\">Fundacja Lampe przyk\u0142ada szczeg\u00f3ln\u0105 wag\u0119 do bezpiecze\u0144stwa dzieci i m\u0142odzie\u017cy uczestnicz\u0105cych w organizowanych przez ni\u0105 wydarzeniach sportowych.<\/p><p class=\"font-claude-response-body break-words whitespace-normal leading-[1.7]\">Fundacja Lampe o\u015bwiadcza, \u017ce w swojej dzia\u0142alno\u015bci stosuje Standardy Ochrony Ma\u0142oletnich zgodne z wytycznymi \u0141\u00f3dzkiej Federacji Sportu, dost\u0119pnymi pod adresem: <a class=\"underline underline underline-offset-2 decoration-1 decoration-current\/40 hover:decoration-current focus:decoration-current\" href=\"https:\/\/www.federacjalodz.org.pl\/standardy-ochrony-dzieci\">www.federacjalodz.org.pl\/standardy-ochrony-dzieci<\/a><\/p><p class=\"font-claude-response-body break-words whitespace-normal leading-[1.7]\">W szczeg\u00f3lno\u015bci Fundacja Lampe zobowi\u0105zuje si\u0119 do:<\/p><ul class=\"[li_&amp;]:mb-0 [li_&amp;]:mt-1 [li_&amp;]:gap-1 [&amp;:not(:last-child)_ul]:pb-1 [&amp;:not(:last-child)_ol]:pb-1 list-disc flex flex-col gap-1 pl-8 mb-3\"><li class=\"whitespace-normal break-words pl-2\">zapewnienia bezpiecznego \u015brodowiska dla wszystkich uczestnik\u00f3w wydarze\u0144, ze szczeg\u00f3lnym uwzgl\u0119dnieniem os\u00f3b niepe\u0142noletnich<\/li><li class=\"whitespace-normal break-words pl-2\">stosowania procedur weryfikacji os\u00f3b pracuj\u0105cych z dzie\u0107mi i m\u0142odzie\u017c\u0105<\/li><li class=\"whitespace-normal break-words pl-2\">reagowania na wszelkie sygna\u0142y dotycz\u0105ce zagro\u017cenia dobrostanu ma\u0142oletnich uczestnik\u00f3w<\/li><li class=\"whitespace-normal break-words pl-2\">wymagania pisemnej zgody rodzic\u00f3w lub opiekun\u00f3w prawnych na udzia\u0142 niepe\u0142noletnich w organizowanych turniejach i wydarzeniach<\/li><\/ul>\t\t\t\t\t\t\t\t<\/div>\n\t\t\t\t<\/div>\n\t\t\t\t\t<\/div>\n\t\t\t\t<\/div>\n\t\t\t\t<\/div>","protected":false},"excerpt":{"rendered":"<p>\u00a0 Personal Data Protection &#8211; Information Clause In accordance with Article 13 of Regulation (EU) 2016\/679 of the European Parliament and of the Council of 27 April 2016 on the protection of natural persons with regard to the processing of personal data and on the free movement of such data, and repealing Directive 95\/46\/EC (General&#8230;<\/p>","protected":false},"author":4,"featured_media":0,"parent":0,"menu_order":0,"comment_status":"closed","ping_status":"closed","template":"","meta":{"footnotes":""},"class_list":["post-15546","page","type-page","status-publish","hentry"],"yoast_head":"<!-- This site is optimized with the Yoast SEO plugin v25.3.1 - https:\/\/yoast.com\/wordpress\/plugins\/seo\/ -->\n<title>Privacy Policy &amp; Child Protection - lampe2x2challenge<\/title>\n<meta name=\"robots\" content=\"index, follow, max-snippet:-1, max-image-preview:large, max-video-preview:-1\" \/>\n<link rel=\"canonical\" href=\"https:\/\/www.lampe2x2challenge.com\/pl\/privacy-policy-child-protection\/\" \/>\n<meta property=\"og:locale\" content=\"pl_PL\" \/>\n<meta property=\"og:type\" content=\"article\" \/>\n<meta property=\"og:title\" content=\"Privacy Policy &amp; Child Protection - lampe2x2challenge\" \/>\n<meta property=\"og:description\" content=\"\u00a0 Personal Data Protection &#8211; Information Clause In accordance with Article 13 of Regulation (EU) 2016\/679 of the European Parliament and of the Council of 27 April 2016 on the protection of natural persons with regard to the processing of personal data and on the free movement of such data, and repealing Directive 95\/46\/EC (General...\" \/>\n<meta property=\"og:url\" content=\"https:\/\/www.lampe2x2challenge.com\/pl\/privacy-policy-child-protection\/\" \/>\n<meta property=\"og:site_name\" content=\"lampe2x2challenge\" \/>\n<meta property=\"article:modified_time\" content=\"2026-03-18T10:33:54+00:00\" \/>\n<meta name=\"twitter:card\" content=\"summary_large_image\" \/>\n<meta name=\"twitter:label1\" content=\"Szacowany czas czytania\" \/>\n\t<meta name=\"twitter:data1\" content=\"4 minuty\" \/>\n<script type=\"application\/ld+json\" class=\"yoast-schema-graph\">{\"@context\":\"https:\/\/schema.org\",\"@graph\":[{\"@type\":\"WebPage\",\"@id\":\"https:\/\/www.lampe2x2challenge.com\/privacy-policy-child-protection\/\",\"url\":\"https:\/\/www.lampe2x2challenge.com\/privacy-policy-child-protection\/\",\"name\":\"Privacy Policy &amp; Child Protection - lampe2x2challenge\",\"isPartOf\":{\"@id\":\"https:\/\/www.lampe2x2challenge.com\/#website\"},\"datePublished\":\"2026-03-18T09:47:06+00:00\",\"dateModified\":\"2026-03-18T10:33:54+00:00\",\"breadcrumb\":{\"@id\":\"https:\/\/www.lampe2x2challenge.com\/privacy-policy-child-protection\/#breadcrumb\"},\"inLanguage\":\"pl-PL\",\"potentialAction\":[{\"@type\":\"ReadAction\",\"target\":[\"https:\/\/www.lampe2x2challenge.com\/privacy-policy-child-protection\/\"]}]},{\"@type\":\"BreadcrumbList\",\"@id\":\"https:\/\/www.lampe2x2challenge.com\/privacy-policy-child-protection\/#breadcrumb\",\"itemListElement\":[{\"@type\":\"ListItem\",\"position\":1,\"name\":\"Strona g\u0142\u00f3wna\",\"item\":\"https:\/\/www.lampe2x2challenge.com\/\"},{\"@type\":\"ListItem\",\"position\":2,\"name\":\"Privacy Policy &amp; Child Protection\"}]},{\"@type\":\"WebSite\",\"@id\":\"https:\/\/www.lampe2x2challenge.com\/#website\",\"url\":\"https:\/\/www.lampe2x2challenge.com\/\",\"name\":\"lampe2x2challenge - An international basketball summer League tournament!\",\"description\":\"\",\"publisher\":{\"@id\":\"https:\/\/www.lampe2x2challenge.com\/#organization\"},\"potentialAction\":[{\"@type\":\"SearchAction\",\"target\":{\"@type\":\"EntryPoint\",\"urlTemplate\":\"https:\/\/www.lampe2x2challenge.com\/?s={search_term_string}\"},\"query-input\":{\"@type\":\"PropertyValueSpecification\",\"valueRequired\":true,\"valueName\":\"search_term_string\"}}],\"inLanguage\":\"pl-PL\"},{\"@type\":\"Organization\",\"@id\":\"https:\/\/www.lampe2x2challenge.com\/#organization\",\"name\":\"lampe2x2challenge\",\"url\":\"https:\/\/www.lampe2x2challenge.com\/\",\"logo\":{\"@type\":\"ImageObject\",\"inLanguage\":\"pl-PL\",\"@id\":\"https:\/\/www.lampe2x2challenge.com\/#\/schema\/logo\/image\/\",\"url\":\"https:\/\/www.lampe2x2challenge.com\/wp-content\/uploads\/2024\/10\/lampe2x2challenge_logo_maciej_lampe.png\",\"contentUrl\":\"https:\/\/www.lampe2x2challenge.com\/wp-content\/uploads\/2024\/10\/lampe2x2challenge_logo_maciej_lampe.png\",\"width\":1947,\"height\":1859,\"caption\":\"lampe2x2challenge\"},\"image\":{\"@id\":\"https:\/\/www.lampe2x2challenge.com\/#\/schema\/logo\/image\/\"}}]}<\/script>\n<!-- \/ Yoast SEO plugin. -->","yoast_head_json":{"title":"Privacy Policy &amp; Child Protection - lampe2x2challenge","robots":{"index":"index","follow":"follow","max-snippet":"max-snippet:-1","max-image-preview":"max-image-preview:large","max-video-preview":"max-video-preview:-1"},"canonical":"https:\/\/www.lampe2x2challenge.com\/pl\/privacy-policy-child-protection\/","og_locale":"pl_PL","og_type":"article","og_title":"Privacy Policy &amp; Child Protection - lampe2x2challenge","og_description":"\u00a0 Personal Data Protection &#8211; Information Clause In accordance with Article 13 of Regulation (EU) 2016\/679 of the European Parliament and of the Council of 27 April 2016 on the protection of natural persons with regard to the processing of personal data and on the free movement of such data, and repealing Directive 95\/46\/EC (General...","og_url":"https:\/\/www.lampe2x2challenge.com\/pl\/privacy-policy-child-protection\/","og_site_name":"lampe2x2challenge","article_modified_time":"2026-03-18T10:33:54+00:00","twitter_card":"summary_large_image","twitter_misc":{"Szacowany czas czytania":"4 minuty"},"schema":{"@context":"https:\/\/schema.org","@graph":[{"@type":"WebPage","@id":"https:\/\/www.lampe2x2challenge.com\/privacy-policy-child-protection\/","url":"https:\/\/www.lampe2x2challenge.com\/privacy-policy-child-protection\/","name":"Privacy Policy &amp; Child Protection - lampe2x2challenge","isPartOf":{"@id":"https:\/\/www.lampe2x2challenge.com\/#website"},"datePublished":"2026-03-18T09:47:06+00:00","dateModified":"2026-03-18T10:33:54+00:00","breadcrumb":{"@id":"https:\/\/www.lampe2x2challenge.com\/privacy-policy-child-protection\/#breadcrumb"},"inLanguage":"pl-PL","potentialAction":[{"@type":"ReadAction","target":["https:\/\/www.lampe2x2challenge.com\/privacy-policy-child-protection\/"]}]},{"@type":"BreadcrumbList","@id":"https:\/\/www.lampe2x2challenge.com\/privacy-policy-child-protection\/#breadcrumb","itemListElement":[{"@type":"ListItem","position":1,"name":"Strona g\u0142\u00f3wna","item":"https:\/\/www.lampe2x2challenge.com\/"},{"@type":"ListItem","position":2,"name":"Privacy Policy &amp; Child Protection"}]},{"@type":"WebSite","@id":"https:\/\/www.lampe2x2challenge.com\/#website","url":"https:\/\/www.lampe2x2challenge.com\/","name":"lampe2x2challenge - An international basketball summer League tournament!","description":"","publisher":{"@id":"https:\/\/www.lampe2x2challenge.com\/#organization"},"potentialAction":[{"@type":"SearchAction","target":{"@type":"EntryPoint","urlTemplate":"https:\/\/www.lampe2x2challenge.com\/?s={search_term_string}"},"query-input":{"@type":"PropertyValueSpecification","valueRequired":true,"valueName":"search_term_string"}}],"inLanguage":"pl-PL"},{"@type":"Organization","@id":"https:\/\/www.lampe2x2challenge.com\/#organization","name":"lampe2x2challenge","url":"https:\/\/www.lampe2x2challenge.com\/","logo":{"@type":"ImageObject","inLanguage":"pl-PL","@id":"https:\/\/www.lampe2x2challenge.com\/#\/schema\/logo\/image\/","url":"https:\/\/www.lampe2x2challenge.com\/wp-content\/uploads\/2024\/10\/lampe2x2challenge_logo_maciej_lampe.png","contentUrl":"https:\/\/www.lampe2x2challenge.com\/wp-content\/uploads\/2024\/10\/lampe2x2challenge_logo_maciej_lampe.png","width":1947,"height":1859,"caption":"lampe2x2challenge"},"image":{"@id":"https:\/\/www.lampe2x2challenge.com\/#\/schema\/logo\/image\/"}}]}},"_links":{"self":[{"href":"https:\/\/www.lampe2x2challenge.com\/pl\/wp-json\/wp\/v2\/pages\/15546","targetHints":{"allow":["GET"]}}],"collection":[{"href":"https:\/\/www.lampe2x2challenge.com\/pl\/wp-json\/wp\/v2\/pages"}],"about":[{"href":"https:\/\/www.lampe2x2challenge.com\/pl\/wp-json\/wp\/v2\/types\/page"}],"author":[{"embeddable":true,"href":"https:\/\/www.lampe2x2challenge.com\/pl\/wp-json\/wp\/v2\/users\/4"}],"replies":[{"embeddable":true,"href":"https:\/\/www.lampe2x2challenge.com\/pl\/wp-json\/wp\/v2\/comments?post=15546"}],"version-history":[{"count":34,"href":"https:\/\/www.lampe2x2challenge.com\/pl\/wp-json\/wp\/v2\/pages\/15546\/revisions"}],"predecessor-version":[{"id":15588,"href":"https:\/\/www.lampe2x2challenge.com\/pl\/wp-json\/wp\/v2\/pages\/15546\/revisions\/15588"}],"wp:attachment":[{"href":"https:\/\/www.lampe2x2challenge.com\/pl\/wp-json\/wp\/v2\/media?parent=15546"}],"curies":[{"name":"wp","href":"https:\/\/api.w.org\/{rel}","templated":true}]}}